{"id":1049,"date":"2018-02-16T17:27:31","date_gmt":"2018-02-16T16:27:31","guid":{"rendered":"https:\/\/www.eimsbuetteler-apotheke.de\/?page_id=1049"},"modified":"2018-03-02T16:56:37","modified_gmt":"2018-03-02T15:56:37","slug":"standort","status":"publish","type":"page","link":"https:\/\/www.eimsbuetteler-apotheke.de\/index.php\/standort\/","title":{"rendered":"standort"},"content":{"rendered":"<div id='full_slider_1'  class='avia-fullwidth-slider main_color avia-shadow   avia-builder-el-0  el_before_av_section  avia-builder-el-first   container_wrap sidebar_right'  ><div  class='avia-slideshow av-av_slideshow_full-15d4dd8691a943751c0d771b8f97fbef avia-slideshow-featured_large av_slideshow_full avia-fade-slider av-slideshow-ui av-control-hidden av-no-slider-navigation av-hide-nav-arrows av-slideshow-autoplay av-loop-endless av-loop-manual-endless av-default-height-applied   avia-slideshow-1' data-slideshow-options=\"{&quot;animation&quot;:&quot;fade&quot;,&quot;autoplay&quot;:true,&quot;loop_autoplay&quot;:&quot;endless&quot;,&quot;interval&quot;:5,&quot;loop_manual&quot;:&quot;manual-endless&quot;,&quot;autoplay_stopper&quot;:false,&quot;noNavigation&quot;:true,&quot;bg_slider&quot;:false,&quot;keep_padding&quot;:false,&quot;hoverpause&quot;:false,&quot;show_slide_delay&quot;:0}\"  itemprop=\"image\" itemscope=\"itemscope\" itemtype=\"https:\/\/schema.org\/ImageObject\" ><ul class='avia-slideshow-inner ' style='padding-bottom: 61.704211557297%;'><li  class='avia-slideshow-slide av-av_slideshow_full-15d4dd8691a943751c0d771b8f97fbef__0  av-single-slide slide-1 slide-odd'><div data-rel='slideshow-1' class='avia-slide-wrap '   ><img decoding=\"async\" class=\"wp-image-824 avia-img-lazy-loading-not-824\"  src=\"https:\/\/www.eimsbuetteler-apotheke.de\/wp-content\/uploads\/2018\/01\/72er_Apo_Stephan_GRA4245-1021x630.jpg\" width=\"1021\" height=\"630\" title='72er_Apo_Stephan_GRA4245' alt=''  itemprop=\"thumbnailUrl\"   \/><\/div><\/li><\/ul><\/div><\/div>\n\n<style type=\"text\/css\" data-created_by=\"avia_inline_auto\" id=\"style-css-av-av_section-f5411660b0ce5678c39d8741cf27097a\">\n.avia-section.av-av_section-f5411660b0ce5678c39d8741cf27097a{\nbackground-color:#e7decb;\nbackground-image:unset;\n}\n<\/style>\n<div id='av_section_1'  class='avia-section av-av_section-f5411660b0ce5678c39d8741cf27097a main_color avia-section-default avia-no-shadow  avia-builder-el-1  el_after_av_slideshow_full  el_before_av_section  avia-bg-style-scroll container_wrap sidebar_right'  ><div class='container av-section-cont-open' ><div class='template-page content  av-content-small alpha units'><div class='post-entry post-entry-type-page post-entry-1049'><div class='entry-content-wrapper clearfix'>\n\n<style type=\"text\/css\" data-created_by=\"avia_inline_auto\" id=\"style-css-av-av_heading-f9ef1231a5750e32422b2eef94dde165\">\n#top .av-special-heading.av-av_heading-f9ef1231a5750e32422b2eef94dde165{\npadding-bottom:0;\n}\nbody .av-special-heading.av-av_heading-f9ef1231a5750e32422b2eef94dde165 .av-special-heading-tag .heading-char{\nfont-size:25px;\n}\n.av-special-heading.av-av_heading-f9ef1231a5750e32422b2eef94dde165 .av-subheading{\nfont-size:15px;\n}\n<\/style>\n<div  class='av-special-heading av-av_heading-f9ef1231a5750e32422b2eef94dde165 av-special-heading-h2 blockquote modern-quote modern-centered  avia-builder-el-2  avia-builder-el-no-sibling '><h2 class='av-special-heading-tag'  itemprop=\"headline\"  >Die Alte Oberpostdirektion \u2013 der neue Gesundheitsstandort in Hamburg<\/h2><div class=\"special-heading-border\"><div class=\"special-heading-inner-border\"><\/div><\/div><\/div>\n\n<\/div><\/div><\/div><!-- close content main div --><\/div><\/div><div id='av_section_2'  class='avia-section av-av_section-ef76ac2f293c73d229504aa57d7d4433 main_color avia-section-large avia-no-border-styling  avia-builder-el-3  el_after_av_section  el_before_av_section  avia-bg-style-scroll container_wrap sidebar_right'  ><div class='container av-section-cont-open' ><div class='template-page content  av-content-small alpha units'><div class='post-entry post-entry-type-page post-entry-1049'><div class='entry-content-wrapper clearfix'>\n\n<style type=\"text\/css\" data-created_by=\"avia_inline_auto\" id=\"style-css-av-av_one_full-49e29109d35428f282e8078954bb78df\">\n#top .flex_column.av-av_one_full-49e29109d35428f282e8078954bb78df{\nmargin-top:0px;\nmargin-bottom:0px;\n}\n.flex_column.av-av_one_full-49e29109d35428f282e8078954bb78df{\n-webkit-border-radius:0px 0px 0px 0px;\n-moz-border-radius:0px 0px 0px 0px;\nborder-radius:0px 0px 0px 0px;\npadding:0px 0px 0px 0px;\n}\n.responsive #top #wrap_all .flex_column.av-av_one_full-49e29109d35428f282e8078954bb78df{\nmargin-top:0px;\nmargin-bottom:0px;\n}\n<\/style>\n<div class='flex_column av-av_one_full-49e29109d35428f282e8078954bb78df av_one_full  avia-builder-el-4  avia-builder-el-no-sibling  first flex_column_div av-animated-generic bottom-to-top av-zero-column-padding '     ><p>\n<style type=\"text\/css\" data-created_by=\"avia_inline_auto\" id=\"style-css-av-av_heading-f0bda39eee120da6bdea9a424c3aa436\">\n#top .av-special-heading.av-av_heading-f0bda39eee120da6bdea9a424c3aa436{\npadding-bottom:10px;\nfont-size:26px;\n}\nbody .av-special-heading.av-av_heading-f0bda39eee120da6bdea9a424c3aa436 .av-special-heading-tag .heading-char{\nfont-size:25px;\n}\n#top #wrap_all .av-special-heading.av-av_heading-f0bda39eee120da6bdea9a424c3aa436 .av-special-heading-tag{\nfont-size:26px;\n}\n.av-special-heading.av-av_heading-f0bda39eee120da6bdea9a424c3aa436 .av-subheading{\nfont-size:15px;\n}\n\n@media only screen and (min-width: 480px) and (max-width: 767px){ \n#top #wrap_all .av-special-heading.av-av_heading-f0bda39eee120da6bdea9a424c3aa436 .av-special-heading-tag{\nfont-size:0.8em;\n}\n}\n\n@media only screen and (max-width: 479px){ \n#top #wrap_all .av-special-heading.av-av_heading-f0bda39eee120da6bdea9a424c3aa436 .av-special-heading-tag{\nfont-size:0.8em;\n}\n}\n<\/style>\n<div  class='av-special-heading av-av_heading-f0bda39eee120da6bdea9a424c3aa436 av-special-heading-h3 blockquote modern-quote modern-centered  avia-builder-el-5  el_before_av_image  avia-builder-el-first  av-inherit-size'><h3 class='av-special-heading-tag'  itemprop=\"headline\"  >Die bewegte Geschichte der Alten Oberpostdirektion<\/h3><div class=\"special-heading-border\"><div class=\"special-heading-inner-border\"><\/div><\/div><\/div><br \/>\n\n<style type=\"text\/css\" data-created_by=\"avia_inline_auto\" id=\"style-css-av-av_image-af427f64d31cdd54401e186ac47724b0\">\n.avia-image-container.av-av_image-af427f64d31cdd54401e186ac47724b0 img.avia_image{\nbox-shadow:none;\n}\n.avia-image-container.av-av_image-af427f64d31cdd54401e186ac47724b0 .av-image-caption-overlay-center{\ncolor:#ffffff;\n}\n<\/style>\n<div  class='avia-image-container av-av_image-af427f64d31cdd54401e186ac47724b0 av-styling-no-styling avia-align-center  avia-builder-el-6  el_after_av_heading  el_before_av_hr '   itemprop=\"image\" itemscope=\"itemscope\" itemtype=\"https:\/\/schema.org\/ImageObject\" ><div class=\"avia-image-container-inner\"><div class=\"avia-image-overlay-wrap\"><img decoding=\"async\" class='wp-image-1239 avia-img-lazy-loading-not-1239 avia_image ' src=\"https:\/\/www.eimsbuetteler-apotheke.de\/wp-content\/uploads\/2018\/03\/DIe-Alte-Oberpostdirektion-300x225.jpg\" alt='' title='DIe Alte Oberpostdirektion'  height=\"225\" width=\"300\"  itemprop=\"thumbnailUrl\" srcset=\"https:\/\/www.eimsbuetteler-apotheke.de\/wp-content\/uploads\/2018\/03\/DIe-Alte-Oberpostdirektion-300x225.jpg 300w, https:\/\/www.eimsbuetteler-apotheke.de\/wp-content\/uploads\/2018\/03\/DIe-Alte-Oberpostdirektion-768x576.jpg 768w, https:\/\/www.eimsbuetteler-apotheke.de\/wp-content\/uploads\/2018\/03\/DIe-Alte-Oberpostdirektion-1030x773.jpg 1030w, https:\/\/www.eimsbuetteler-apotheke.de\/wp-content\/uploads\/2018\/03\/DIe-Alte-Oberpostdirektion-705x529.jpg 705w, https:\/\/www.eimsbuetteler-apotheke.de\/wp-content\/uploads\/2018\/03\/DIe-Alte-Oberpostdirektion-450x338.jpg 450w, https:\/\/www.eimsbuetteler-apotheke.de\/wp-content\/uploads\/2018\/03\/DIe-Alte-Oberpostdirektion.jpg 1181w\" sizes=\"(max-width: 300px) 100vw, 300px\" \/><\/div><\/div><\/div><br \/>\n\n<style type=\"text\/css\" data-created_by=\"avia_inline_auto\" id=\"style-css-av-av_hr-52b99614f1db0890c6e11e182627758b\">\n#top .hr.hr-invisible.av-av_hr-52b99614f1db0890c6e11e182627758b{\nheight:20px;\n}\n<\/style>\n<div  class='hr av-av_hr-52b99614f1db0890c6e11e182627758b hr-invisible  avia-builder-el-7  el_after_av_image  el_before_av_textblock '><span class='hr-inner '><span class=\"hr-inner-style\"><\/span><\/span><\/div><br \/>\n<section  class='av_textblock_section av-av_textblock-2bd894dbf2e4bf2c4acf98ce4fbf94aa'  itemscope=\"itemscope\" itemtype=\"https:\/\/schema.org\/CreativeWork\" ><div class='avia_textblock'  itemprop=\"text\" ><p>Nach der Gr\u00fcndung des Kaiserreiches wurde Heinrich von Stephan mit der Schaffung einer geeinten Reichspost beauftragt. Um dieser eine Heimat zu geben, entschied er sich f\u00fcr einen Neubau in Hamburg. Geradezu ideal erschien dem Senat daf\u00fcr eine neu erworbene Fl\u00e4che zwischen Dammtor und Holstentor.<\/p>\n<p>Um den Anforderungen der Stadt nach einer Gestaltung im Villenstil und den W\u00fcnschen der Post nach Monumentalit\u00e4t Rechnung zu tragen, wurde der sp\u00e4tere Dombau-Architekt Julius Raschdorf mit dem Bau beauftragt. Er schuf eine der gr\u00f6\u00dften und prachtvollsten Postbauten des\u00a019. Jahrhunderts.<\/p>\n<p>Mit dem Dermatologikum, Europas gr\u00f6\u00dfter dermatologischer Praxis, dem Klinikum am Stephansplatz, Norddeutschlands Zentrum f\u00fcr Interdisziplin\u00e4re Medizin, dem Lans Medicum sowie einer gro\u00dfen Zahnarztpraxis praktizieren im Haus inzwischen mehr als 50 renommierte \u00c4rzte.<\/p>\n<p>Zusammen mit dem Labor am Stephansplatz, Reno-Vatio, dem Sport-Sanit\u00e4tshaus und Permanente dem Anbieter von Kosmetik und Haarelementen ist aus der Alten Oberpostdirektion inzwischen ein Gesundheitsstandort geworden, der in Umfang und Ausstattung in Europa einmalig ist.<\/p>\n<p>Erg\u00e4nzt wird das Angebot durch die gesunde Ern\u00e4hrung im Isabella, der glutenfreien Patisserie im Innenhof und dem neuen Flagship von Fitness First im angrenzenden Geb\u00e4udeteil.<\/p>\n<\/div><\/section><\/p><\/div><\/div><\/div><\/div><!-- close content main div --><\/div><\/div><div id='av_section_3'  class='avia-section av-av_section-2f8a4d5d3ebd9c637093dc8e14b646e9 main_color avia-section-default avia-no-border-styling  avia-builder-el-9  el_after_av_section  avia-builder-el-last  avia-bg-style-scroll container_wrap sidebar_right'  ><div class='container av-section-cont-open' ><div class='template-page content  av-content-small alpha units'><div class='post-entry post-entry-type-page post-entry-1049'><div class='entry-content-wrapper clearfix'>\n\n<style type=\"text\/css\" data-created_by=\"avia_inline_auto\" id=\"style-css-av-av_one_full-d71a51a707c4656b37c9afbbd6138215\">\n.flex_column.av-av_one_full-d71a51a707c4656b37c9afbbd6138215{\n-webkit-border-radius:0px 0px 0px 0px;\n-moz-border-radius:0px 0px 0px 0px;\nborder-radius:0px 0px 0px 0px;\npadding:0px 0px 0px 0px;\n}\n<\/style>\n<div class='flex_column av-av_one_full-d71a51a707c4656b37c9afbbd6138215 av_one_full  avia-builder-el-10  avia-builder-el-no-sibling  first flex_column_div av-animated-generic bottom-to-top av-zero-column-padding '     ><p>\n<style type=\"text\/css\" data-created_by=\"avia_inline_auto\" id=\"style-css-av-av_heading-4bbf8ed9ad07cddcc2dff0e323bea0fc\">\n#top .av-special-heading.av-av_heading-4bbf8ed9ad07cddcc2dff0e323bea0fc{\npadding-bottom:10px;\nfont-size:26px;\n}\nbody .av-special-heading.av-av_heading-4bbf8ed9ad07cddcc2dff0e323bea0fc .av-special-heading-tag .heading-char{\nfont-size:25px;\n}\n#top #wrap_all .av-special-heading.av-av_heading-4bbf8ed9ad07cddcc2dff0e323bea0fc .av-special-heading-tag{\nfont-size:26px;\n}\n.av-special-heading.av-av_heading-4bbf8ed9ad07cddcc2dff0e323bea0fc .av-subheading{\nfont-size:15px;\n}\n\n@media only screen and (min-width: 480px) and (max-width: 767px){ \n#top #wrap_all .av-special-heading.av-av_heading-4bbf8ed9ad07cddcc2dff0e323bea0fc .av-special-heading-tag{\nfont-size:0.8em;\n}\n}\n\n@media only screen and (max-width: 479px){ \n#top #wrap_all .av-special-heading.av-av_heading-4bbf8ed9ad07cddcc2dff0e323bea0fc .av-special-heading-tag{\nfont-size:0.8em;\n}\n}\n<\/style>\n<div  class='av-special-heading av-av_heading-4bbf8ed9ad07cddcc2dff0e323bea0fc av-special-heading-h3 blockquote modern-quote modern-centered  avia-builder-el-11  el_before_av_image  avia-builder-el-first  av-inherit-size'><h3 class='av-special-heading-tag'  itemprop=\"headline\"  >Der Stephansplatz \u2013 Teil des neuen Opernboulevards<\/h3><div class=\"special-heading-border\"><div class=\"special-heading-inner-border\"><\/div><\/div><\/div><br \/>\n\n<style type=\"text\/css\" data-created_by=\"avia_inline_auto\" id=\"style-css-av-av_image-1008b52c5b9b125dd6b3ae0b7adb2442\">\n.avia-image-container.av-av_image-1008b52c5b9b125dd6b3ae0b7adb2442 img.avia_image{\nbox-shadow:none;\n}\n.avia-image-container.av-av_image-1008b52c5b9b125dd6b3ae0b7adb2442 .av-image-caption-overlay-center{\ncolor:#ffffff;\n}\n<\/style>\n<div  class='avia-image-container av-av_image-1008b52c5b9b125dd6b3ae0b7adb2442 av-styling-no-styling avia-align-center  avia-builder-el-12  el_after_av_heading  el_before_av_hr '   itemprop=\"image\" itemscope=\"itemscope\" itemtype=\"https:\/\/schema.org\/ImageObject\" ><div class=\"avia-image-container-inner\"><div class=\"avia-image-overlay-wrap\"><img decoding=\"async\" class='wp-image-1237 avia-img-lazy-loading-not-1237 avia_image ' src=\"https:\/\/www.eimsbuetteler-apotheke.de\/wp-content\/uploads\/2018\/03\/DIe_Alte_Oberpostdirektion_1-300x226.jpg\" alt='' title='DIe_Alte_Oberpostdirektion_1'  height=\"226\" width=\"300\"  itemprop=\"thumbnailUrl\" srcset=\"https:\/\/www.eimsbuetteler-apotheke.de\/wp-content\/uploads\/2018\/03\/DIe_Alte_Oberpostdirektion_1-300x226.jpg 300w, https:\/\/www.eimsbuetteler-apotheke.de\/wp-content\/uploads\/2018\/03\/DIe_Alte_Oberpostdirektion_1-768x580.jpg 768w, https:\/\/www.eimsbuetteler-apotheke.de\/wp-content\/uploads\/2018\/03\/DIe_Alte_Oberpostdirektion_1-705x532.jpg 705w, https:\/\/www.eimsbuetteler-apotheke.de\/wp-content\/uploads\/2018\/03\/DIe_Alte_Oberpostdirektion_1-450x340.jpg 450w, https:\/\/www.eimsbuetteler-apotheke.de\/wp-content\/uploads\/2018\/03\/DIe_Alte_Oberpostdirektion_1.jpg 1024w\" sizes=\"(max-width: 300px) 100vw, 300px\" \/><\/div><\/div><\/div><br \/>\n\n<style type=\"text\/css\" data-created_by=\"avia_inline_auto\" id=\"style-css-av-av_hr-52b99614f1db0890c6e11e182627758b\">\n#top .hr.hr-invisible.av-av_hr-52b99614f1db0890c6e11e182627758b{\nheight:20px;\n}\n<\/style>\n<div  class='hr av-av_hr-52b99614f1db0890c6e11e182627758b hr-invisible  avia-builder-el-13  el_after_av_image  el_before_av_textblock '><span class='hr-inner '><span class=\"hr-inner-style\"><\/span><\/span><\/div><br \/>\n<section  class='av_textblock_section av-av_textblock-2bd894dbf2e4bf2c4acf98ce4fbf94aa'  itemscope=\"itemscope\" itemtype=\"https:\/\/schema.org\/CreativeWork\" ><div class='avia_textblock'  itemprop=\"text\" ><p>Im Zuge seiner kompletten Neugestaltung wird der Stephansplatz zum Eingang in die Hamburger Innenstadt und damit zur 1a-Lage.<br \/>\nUnter dem Arbeitstitel Opernboulevard wird die Stra\u00dfenf\u00fchrung leicht ver\u00e4ndert und aus schmalen B\u00fcrgersteigen werden breite Trottoirs.<br \/>\nMehr als 10 neu gebaute oder sanierte H\u00e4user lassen die Stra\u00dfe in neuem Glanz erscheinen und bilden eine gestalterische Einheit vom Stephansplatz \u00fcber den G\u00e4nsemarkt hin zum Jungfernstieg und dem Rest der Hamburger Innenstadt.<\/p>\n<\/div><\/section><\/p><\/div><\/div><\/div><\/div><!-- close content main div --><\/div><\/div><div id='after_section_3'  class='main_color av_default_container_wrap container_wrap sidebar_right'  ><div class='container av-section-cont-open' ><div class='template-page content  av-content-small alpha units'><div class='post-entry post-entry-type-page post-entry-1049'><div class='entry-content-wrapper clearfix'><\/p>\n","protected":false},"excerpt":{"rendered":"","protected":false},"author":3,"featured_media":0,"parent":0,"menu_order":0,"comment_status":"closed","ping_status":"closed","template":"","meta":{"footnotes":""},"class_list":["post-1049","page","type-page","status-publish","hentry"],"yoast_head":"<!-- This site is optimized with the Yoast SEO plugin v27.5 - https:\/\/yoast.com\/product\/yoast-seo-wordpress\/ -->\n<title>standort - Eimsb\u00fctteler Apotheke<\/title>\n<meta name=\"robots\" content=\"index, follow, max-snippet:-1, max-image-preview:large, max-video-preview:-1\" \/>\n<link rel=\"canonical\" href=\"https:\/\/www.eimsbuetteler-apotheke.de\/index.php\/standort\/\" \/>\n<meta property=\"og:locale\" content=\"de_DE\" \/>\n<meta property=\"og:type\" content=\"article\" \/>\n<meta property=\"og:title\" content=\"standort - Eimsb\u00fctteler Apotheke\" \/>\n<meta property=\"og:url\" content=\"https:\/\/www.eimsbuetteler-apotheke.de\/index.php\/standort\/\" \/>\n<meta property=\"og:site_name\" content=\"Eimsb\u00fctteler Apotheke\" \/>\n<meta property=\"article:modified_time\" content=\"2018-03-02T15:56:37+00:00\" \/>\n<meta name=\"twitter:card\" content=\"summary_large_image\" \/>\n<meta name=\"twitter:label1\" content=\"Gesch\u00e4tzte Lesezeit\" \/>\n\t<meta name=\"twitter:data1\" content=\"6\u00a0Minuten\" \/>\n<script type=\"application\/ld+json\" class=\"yoast-schema-graph\">{\"@context\":\"https:\\\/\\\/schema.org\",\"@graph\":[{\"@type\":\"WebPage\",\"@id\":\"https:\\\/\\\/www.eimsbuetteler-apotheke.de\\\/index.php\\\/standort\\\/\",\"url\":\"https:\\\/\\\/www.eimsbuetteler-apotheke.de\\\/index.php\\\/standort\\\/\",\"name\":\"standort - Eimsb\u00fctteler Apotheke\",\"isPartOf\":{\"@id\":\"https:\\\/\\\/www.eimsbuetteler-apotheke.de\\\/#website\"},\"datePublished\":\"2018-02-16T16:27:31+00:00\",\"dateModified\":\"2018-03-02T15:56:37+00:00\",\"breadcrumb\":{\"@id\":\"https:\\\/\\\/www.eimsbuetteler-apotheke.de\\\/index.php\\\/standort\\\/#breadcrumb\"},\"inLanguage\":\"de\",\"potentialAction\":[{\"@type\":\"ReadAction\",\"target\":[\"https:\\\/\\\/www.eimsbuetteler-apotheke.de\\\/index.php\\\/standort\\\/\"]}]},{\"@type\":\"BreadcrumbList\",\"@id\":\"https:\\\/\\\/www.eimsbuetteler-apotheke.de\\\/index.php\\\/standort\\\/#breadcrumb\",\"itemListElement\":[{\"@type\":\"ListItem\",\"position\":1,\"name\":\"Home\",\"item\":\"https:\\\/\\\/www.eimsbuetteler-apotheke.de\\\/index.php\\\/home-2\\\/\"},{\"@type\":\"ListItem\",\"position\":2,\"name\":\"standort\"}]},{\"@type\":\"WebSite\",\"@id\":\"https:\\\/\\\/www.eimsbuetteler-apotheke.de\\\/#website\",\"url\":\"https:\\\/\\\/www.eimsbuetteler-apotheke.de\\\/\",\"name\":\"Eimsb\u00fctteler Apotheke\",\"description\":\"Wir sind gern f\u00fcr Sie da\",\"potentialAction\":[{\"@type\":\"SearchAction\",\"target\":{\"@type\":\"EntryPoint\",\"urlTemplate\":\"https:\\\/\\\/www.eimsbuetteler-apotheke.de\\\/?s={search_term_string}\"},\"query-input\":{\"@type\":\"PropertyValueSpecification\",\"valueRequired\":true,\"valueName\":\"search_term_string\"}}],\"inLanguage\":\"de\"}]}<\/script>\n<!-- \/ Yoast SEO plugin. -->","yoast_head_json":{"title":"standort - Eimsb\u00fctteler Apotheke","robots":{"index":"index","follow":"follow","max-snippet":"max-snippet:-1","max-image-preview":"max-image-preview:large","max-video-preview":"max-video-preview:-1"},"canonical":"https:\/\/www.eimsbuetteler-apotheke.de\/index.php\/standort\/","og_locale":"de_DE","og_type":"article","og_title":"standort - Eimsb\u00fctteler Apotheke","og_url":"https:\/\/www.eimsbuetteler-apotheke.de\/index.php\/standort\/","og_site_name":"Eimsb\u00fctteler Apotheke","article_modified_time":"2018-03-02T15:56:37+00:00","twitter_card":"summary_large_image","twitter_misc":{"Gesch\u00e4tzte Lesezeit":"6\u00a0Minuten"},"schema":{"@context":"https:\/\/schema.org","@graph":[{"@type":"WebPage","@id":"https:\/\/www.eimsbuetteler-apotheke.de\/index.php\/standort\/","url":"https:\/\/www.eimsbuetteler-apotheke.de\/index.php\/standort\/","name":"standort - Eimsb\u00fctteler Apotheke","isPartOf":{"@id":"https:\/\/www.eimsbuetteler-apotheke.de\/#website"},"datePublished":"2018-02-16T16:27:31+00:00","dateModified":"2018-03-02T15:56:37+00:00","breadcrumb":{"@id":"https:\/\/www.eimsbuetteler-apotheke.de\/index.php\/standort\/#breadcrumb"},"inLanguage":"de","potentialAction":[{"@type":"ReadAction","target":["https:\/\/www.eimsbuetteler-apotheke.de\/index.php\/standort\/"]}]},{"@type":"BreadcrumbList","@id":"https:\/\/www.eimsbuetteler-apotheke.de\/index.php\/standort\/#breadcrumb","itemListElement":[{"@type":"ListItem","position":1,"name":"Home","item":"https:\/\/www.eimsbuetteler-apotheke.de\/index.php\/home-2\/"},{"@type":"ListItem","position":2,"name":"standort"}]},{"@type":"WebSite","@id":"https:\/\/www.eimsbuetteler-apotheke.de\/#website","url":"https:\/\/www.eimsbuetteler-apotheke.de\/","name":"Eimsb\u00fctteler Apotheke","description":"Wir sind gern f\u00fcr Sie da","potentialAction":[{"@type":"SearchAction","target":{"@type":"EntryPoint","urlTemplate":"https:\/\/www.eimsbuetteler-apotheke.de\/?s={search_term_string}"},"query-input":{"@type":"PropertyValueSpecification","valueRequired":true,"valueName":"search_term_string"}}],"inLanguage":"de"}]}},"_links":{"self":[{"href":"https:\/\/www.eimsbuetteler-apotheke.de\/index.php\/wp-json\/wp\/v2\/pages\/1049","targetHints":{"allow":["GET"]}}],"collection":[{"href":"https:\/\/www.eimsbuetteler-apotheke.de\/index.php\/wp-json\/wp\/v2\/pages"}],"about":[{"href":"https:\/\/www.eimsbuetteler-apotheke.de\/index.php\/wp-json\/wp\/v2\/types\/page"}],"author":[{"embeddable":true,"href":"https:\/\/www.eimsbuetteler-apotheke.de\/index.php\/wp-json\/wp\/v2\/users\/3"}],"replies":[{"embeddable":true,"href":"https:\/\/www.eimsbuetteler-apotheke.de\/index.php\/wp-json\/wp\/v2\/comments?post=1049"}],"version-history":[{"count":5,"href":"https:\/\/www.eimsbuetteler-apotheke.de\/index.php\/wp-json\/wp\/v2\/pages\/1049\/revisions"}],"predecessor-version":[{"id":1054,"href":"https:\/\/www.eimsbuetteler-apotheke.de\/index.php\/wp-json\/wp\/v2\/pages\/1049\/revisions\/1054"}],"wp:attachment":[{"href":"https:\/\/www.eimsbuetteler-apotheke.de\/index.php\/wp-json\/wp\/v2\/media?parent=1049"}],"curies":[{"name":"wp","href":"https:\/\/api.w.org\/{rel}","templated":true}]}}